{"id":8939,"date":"2019-08-22T14:49:42","date_gmt":"2019-08-22T17:49:42","guid":{"rendered":"https:\/\/cipe.org.br\/novo\/?page_id=8939"},"modified":"2024-09-11T10:43:08","modified_gmt":"2024-09-11T13:43:08","slug":"diretoria","status":"publish","type":"page","link":"https:\/\/cipe.org.br\/novo\/diretoria\/","title":{"rendered":"Diretoria"},"content":{"rendered":"<div class=\"entry-content\">\n<p style=\"text-align: center;\"><em><strong>Per\u00edodo: 2024-2026<\/strong><\/em><\/p>\n<\/div>\n<h4 style=\"text-align: center;\">Presidente<\/h4>\n<h4 style=\"text-align: center;\"><img loading=\"lazy\" decoding=\"async\" class=\"aligncenter size-full wp-image-21304\" src=\"https:\/\/cipe.org.br\/novo\/wp-content\/uploads\/2024\/09\/Fabio-Antonio-Perecim-Volpe-2.jpg\" alt=\"\" width=\"600\" height=\"250\" srcset=\"https:\/\/cipe.org.br\/novo\/wp-content\/uploads\/2024\/09\/Fabio-Antonio-Perecim-Volpe-2.jpg 600w, https:\/\/cipe.org.br\/novo\/wp-content\/uploads\/2024\/09\/Fabio-Antonio-Perecim-Volpe-2-500x208.jpg 500w, https:\/\/cipe.org.br\/novo\/wp-content\/uploads\/2024\/09\/Fabio-Antonio-Perecim-Volpe-2-300x125.jpg 300w, https:\/\/cipe.org.br\/novo\/wp-content\/uploads\/2024\/09\/Fabio-Antonio-Perecim-Volpe-2-150x63.jpg 150w, https:\/\/cipe.org.br\/novo\/wp-content\/uploads\/2024\/09\/Fabio-Antonio-Perecim-Volpe-2-480x200.jpg 480w\" sizes=\"(max-width:767px) 480px, 600px\" \/><br \/>\n1\u00ba. Vice Presidente<\/h4>\n<h4 style=\"text-align: center;\"><img loading=\"lazy\" decoding=\"async\" class=\"aligncenter size-full wp-image-21110\" src=\"https:\/\/cipe.org.br\/novo\/wp-content\/uploads\/2024\/07\/Jose-Raimundo-Bahia-Sapucaia-Filho.png\" alt=\"\" width=\"600\" height=\"100\" srcset=\"https:\/\/cipe.org.br\/novo\/wp-content\/uploads\/2024\/07\/Jose-Raimundo-Bahia-Sapucaia-Filho.png 600w, https:\/\/cipe.org.br\/novo\/wp-content\/uploads\/2024\/07\/Jose-Raimundo-Bahia-Sapucaia-Filho-500x83.png 500w, https:\/\/cipe.org.br\/novo\/wp-content\/uploads\/2024\/07\/Jose-Raimundo-Bahia-Sapucaia-Filho-300x50.png 300w, https:\/\/cipe.org.br\/novo\/wp-content\/uploads\/2024\/07\/Jose-Raimundo-Bahia-Sapucaia-Filho-150x25.png 150w, https:\/\/cipe.org.br\/novo\/wp-content\/uploads\/2024\/07\/Jose-Raimundo-Bahia-Sapucaia-Filho-480x80.png 480w\" sizes=\"(max-width:767px) 480px, 600px\" \/><br \/>\n2\u00ba. Vice Presidente<\/h4>\n<h4 style=\"text-align: center;\"><img loading=\"lazy\" decoding=\"async\" class=\"aligncenter size-full wp-image-21114\" src=\"https:\/\/cipe.org.br\/novo\/wp-content\/uploads\/2024\/07\/Max-Carsalad-Schlobach.png\" alt=\"\" width=\"600\" height=\"100\" srcset=\"https:\/\/cipe.org.br\/novo\/wp-content\/uploads\/2024\/07\/Max-Carsalad-Schlobach.png 600w, https:\/\/cipe.org.br\/novo\/wp-content\/uploads\/2024\/07\/Max-Carsalad-Schlobach-500x83.png 500w, https:\/\/cipe.org.br\/novo\/wp-content\/uploads\/2024\/07\/Max-Carsalad-Schlobach-300x50.png 300w, https:\/\/cipe.org.br\/novo\/wp-content\/uploads\/2024\/07\/Max-Carsalad-Schlobach-150x25.png 150w, https:\/\/cipe.org.br\/novo\/wp-content\/uploads\/2024\/07\/Max-Carsalad-Schlobach-480x80.png 480w\" sizes=\"(max-width:767px) 480px, 600px\" \/><br \/>\nSecret\u00e1ria Geral<\/h4>\n<h4 style=\"text-align: center;\"><img loading=\"lazy\" decoding=\"async\" class=\"aligncenter size-full wp-image-21105\" src=\"https:\/\/cipe.org.br\/novo\/wp-content\/uploads\/2024\/07\/Elaine-Martins-Moura.png\" alt=\"\" width=\"600\" height=\"100\" srcset=\"https:\/\/cipe.org.br\/novo\/wp-content\/uploads\/2024\/07\/Elaine-Martins-Moura.png 600w, https:\/\/cipe.org.br\/novo\/wp-content\/uploads\/2024\/07\/Elaine-Martins-Moura-500x83.png 500w, https:\/\/cipe.org.br\/novo\/wp-content\/uploads\/2024\/07\/Elaine-Martins-Moura-300x50.png 300w, https:\/\/cipe.org.br\/novo\/wp-content\/uploads\/2024\/07\/Elaine-Martins-Moura-150x25.png 150w, https:\/\/cipe.org.br\/novo\/wp-content\/uploads\/2024\/07\/Elaine-Martins-Moura-480x80.png 480w\" sizes=\"(max-width:767px) 480px, 600px\" \/><br \/>\n1\u00ba. secret\u00e1rio<\/h4>\n<h4 style=\"text-align: center;\"><img loading=\"lazy\" decoding=\"async\" class=\"aligncenter size-full wp-image-21104\" src=\"https:\/\/cipe.org.br\/novo\/wp-content\/uploads\/2024\/07\/Edinaldo-Goncalves-de-Miranda.png\" alt=\"\" width=\"600\" height=\"100\" srcset=\"https:\/\/cipe.org.br\/novo\/wp-content\/uploads\/2024\/07\/Edinaldo-Goncalves-de-Miranda.png 600w, https:\/\/cipe.org.br\/novo\/wp-content\/uploads\/2024\/07\/Edinaldo-Goncalves-de-Miranda-500x83.png 500w, https:\/\/cipe.org.br\/novo\/wp-content\/uploads\/2024\/07\/Edinaldo-Goncalves-de-Miranda-300x50.png 300w, https:\/\/cipe.org.br\/novo\/wp-content\/uploads\/2024\/07\/Edinaldo-Goncalves-de-Miranda-150x25.png 150w, https:\/\/cipe.org.br\/novo\/wp-content\/uploads\/2024\/07\/Edinaldo-Goncalves-de-Miranda-480x80.png 480w\" sizes=\"(max-width:767px) 480px, 600px\" \/><br \/>\n2\u00ba. secret\u00e1rio<\/h4>\n<h4 style=\"text-align: center;\"><img loading=\"lazy\" decoding=\"async\" class=\"aligncenter size-full wp-image-21111\" src=\"https:\/\/cipe.org.br\/novo\/wp-content\/uploads\/2024\/07\/Karin-Lucilda-Shultz.png\" alt=\"\" width=\"600\" height=\"100\" srcset=\"https:\/\/cipe.org.br\/novo\/wp-content\/uploads\/2024\/07\/Karin-Lucilda-Shultz.png 600w, https:\/\/cipe.org.br\/novo\/wp-content\/uploads\/2024\/07\/Karin-Lucilda-Shultz-500x83.png 500w, https:\/\/cipe.org.br\/novo\/wp-content\/uploads\/2024\/07\/Karin-Lucilda-Shultz-300x50.png 300w, https:\/\/cipe.org.br\/novo\/wp-content\/uploads\/2024\/07\/Karin-Lucilda-Shultz-150x25.png 150w, https:\/\/cipe.org.br\/novo\/wp-content\/uploads\/2024\/07\/Karin-Lucilda-Shultz-480x80.png 480w\" sizes=\"(max-width:767px) 480px, 600px\" \/><br \/>\n1\u00ba. tesoureiro<\/h4>\n<h4 style=\"text-align: center;\"><img loading=\"lazy\" decoding=\"async\" class=\"aligncenter size-full wp-image-21109\" src=\"https:\/\/cipe.org.br\/novo\/wp-content\/uploads\/2024\/07\/Jose-Carnevale.png\" alt=\"\" width=\"600\" height=\"100\" srcset=\"https:\/\/cipe.org.br\/novo\/wp-content\/uploads\/2024\/07\/Jose-Carnevale.png 600w, https:\/\/cipe.org.br\/novo\/wp-content\/uploads\/2024\/07\/Jose-Carnevale-500x83.png 500w, https:\/\/cipe.org.br\/novo\/wp-content\/uploads\/2024\/07\/Jose-Carnevale-300x50.png 300w, https:\/\/cipe.org.br\/novo\/wp-content\/uploads\/2024\/07\/Jose-Carnevale-150x25.png 150w, https:\/\/cipe.org.br\/novo\/wp-content\/uploads\/2024\/07\/Jose-Carnevale-480x80.png 480w\" sizes=\"(max-width:767px) 480px, 600px\" \/><br \/>\n2\u00ba. tesoureiro<\/h4>\n<h4 style=\"text-align: center;\"><img loading=\"lazy\" decoding=\"async\" class=\"aligncenter size-full wp-image-21112\" src=\"https:\/\/cipe.org.br\/novo\/wp-content\/uploads\/2024\/07\/Karine-Furtado-Meyer.png\" alt=\"\" width=\"600\" height=\"100\" srcset=\"https:\/\/cipe.org.br\/novo\/wp-content\/uploads\/2024\/07\/Karine-Furtado-Meyer.png 600w, https:\/\/cipe.org.br\/novo\/wp-content\/uploads\/2024\/07\/Karine-Furtado-Meyer-500x83.png 500w, https:\/\/cipe.org.br\/novo\/wp-content\/uploads\/2024\/07\/Karine-Furtado-Meyer-300x50.png 300w, https:\/\/cipe.org.br\/novo\/wp-content\/uploads\/2024\/07\/Karine-Furtado-Meyer-150x25.png 150w, https:\/\/cipe.org.br\/novo\/wp-content\/uploads\/2024\/07\/Karine-Furtado-Meyer-480x80.png 480w\" sizes=\"(max-width:767px) 480px, 600px\" \/><br \/>\nDiretor de patrim\u00f4nio<\/h4>\n<h4 style=\"text-align: center;\"><img loading=\"lazy\" decoding=\"async\" class=\"aligncenter size-full wp-image-21101\" src=\"https:\/\/cipe.org.br\/novo\/wp-content\/uploads\/2024\/07\/Antonio-Carlos-Heinisch.png\" alt=\"\" width=\"600\" height=\"100\" srcset=\"https:\/\/cipe.org.br\/novo\/wp-content\/uploads\/2024\/07\/Antonio-Carlos-Heinisch.png 600w, https:\/\/cipe.org.br\/novo\/wp-content\/uploads\/2024\/07\/Antonio-Carlos-Heinisch-500x83.png 500w, https:\/\/cipe.org.br\/novo\/wp-content\/uploads\/2024\/07\/Antonio-Carlos-Heinisch-300x50.png 300w, https:\/\/cipe.org.br\/novo\/wp-content\/uploads\/2024\/07\/Antonio-Carlos-Heinisch-150x25.png 150w, https:\/\/cipe.org.br\/novo\/wp-content\/uploads\/2024\/07\/Antonio-Carlos-Heinisch-480x80.png 480w\" sizes=\"(max-width:767px) 480px, 600px\" \/><br \/>\nDiretor de ensino, pesquisas e novas tecnologias<\/h4>\n<h4 style=\"text-align: center;\"><img loading=\"lazy\" decoding=\"async\" class=\"aligncenter size-full wp-image-21115\" src=\"https:\/\/cipe.org.br\/novo\/wp-content\/uploads\/2024\/07\/Pedro-Luiz-Toledo-de-Arruda-Lourencao.png\" alt=\"\" width=\"600\" height=\"100\" srcset=\"https:\/\/cipe.org.br\/novo\/wp-content\/uploads\/2024\/07\/Pedro-Luiz-Toledo-de-Arruda-Lourencao.png 600w, https:\/\/cipe.org.br\/novo\/wp-content\/uploads\/2024\/07\/Pedro-Luiz-Toledo-de-Arruda-Lourencao-500x83.png 500w, https:\/\/cipe.org.br\/novo\/wp-content\/uploads\/2024\/07\/Pedro-Luiz-Toledo-de-Arruda-Lourencao-300x50.png 300w, https:\/\/cipe.org.br\/novo\/wp-content\/uploads\/2024\/07\/Pedro-Luiz-Toledo-de-Arruda-Lourencao-150x25.png 150w, https:\/\/cipe.org.br\/novo\/wp-content\/uploads\/2024\/07\/Pedro-Luiz-Toledo-de-Arruda-Lourencao-480x80.png 480w\" sizes=\"(max-width:767px) 480px, 600px\" \/><br \/>\nDiretor de Publicidade<\/h4>\n<h4 style=\"text-align: center;\"><img loading=\"lazy\" decoding=\"async\" class=\"aligncenter size-full wp-image-21117\" src=\"https:\/\/cipe.org.br\/novo\/wp-content\/uploads\/2024\/07\/Rodrigo-Chaves-Ribeiro.png\" alt=\"\" width=\"600\" height=\"100\" srcset=\"https:\/\/cipe.org.br\/novo\/wp-content\/uploads\/2024\/07\/Rodrigo-Chaves-Ribeiro.png 600w, https:\/\/cipe.org.br\/novo\/wp-content\/uploads\/2024\/07\/Rodrigo-Chaves-Ribeiro-500x83.png 500w, https:\/\/cipe.org.br\/novo\/wp-content\/uploads\/2024\/07\/Rodrigo-Chaves-Ribeiro-300x50.png 300w, https:\/\/cipe.org.br\/novo\/wp-content\/uploads\/2024\/07\/Rodrigo-Chaves-Ribeiro-150x25.png 150w, https:\/\/cipe.org.br\/novo\/wp-content\/uploads\/2024\/07\/Rodrigo-Chaves-Ribeiro-480x80.png 480w\" sizes=\"(max-width:767px) 480px, 600px\" \/><br \/>\nDir. Rel. Internacionais<\/h4>\n<h4 style=\"text-align: center;\"><img loading=\"lazy\" decoding=\"async\" class=\"size-full wp-image-21107 aligncenter\" src=\"https:\/\/cipe.org.br\/novo\/wp-content\/uploads\/2024\/07\/Francisco-Nicanor-Araruna-Macedo.png\" alt=\"\" width=\"600\" height=\"100\" srcset=\"https:\/\/cipe.org.br\/novo\/wp-content\/uploads\/2024\/07\/Francisco-Nicanor-Araruna-Macedo.png 600w, https:\/\/cipe.org.br\/novo\/wp-content\/uploads\/2024\/07\/Francisco-Nicanor-Araruna-Macedo-500x83.png 500w, https:\/\/cipe.org.br\/novo\/wp-content\/uploads\/2024\/07\/Francisco-Nicanor-Araruna-Macedo-300x50.png 300w, https:\/\/cipe.org.br\/novo\/wp-content\/uploads\/2024\/07\/Francisco-Nicanor-Araruna-Macedo-150x25.png 150w, https:\/\/cipe.org.br\/novo\/wp-content\/uploads\/2024\/07\/Francisco-Nicanor-Araruna-Macedo-480x80.png 480w\" sizes=\"(max-width:767px) 480px, 600px\" \/><\/h4>\n<div class=\"entry-content\">\n<p class=\"texto\"><em><strong>Per\u00edodo: 2022-2024<\/strong><\/em><\/p>\n<p><strong>Presidente: Maria do Socorro Mendon\u00e7a de Campos (BA)<br \/>\n<\/strong>1\u00ba Vice-Presidente: Felix Carlos Ocariz Bazzano (MG)<br \/>\n2\u00ba Vice-Presidente: Heloisa Galv\u00e3o do Amaral Campos (SP)<\/p>\n<p>Secret\u00e1rio Geral: Antonio Paulo Durante (SP)<br \/>\n1\u00ba Secret\u00e1rio: Mauricia Caetano Cammarota (DF)<br \/>\n2\u00ba Secret\u00e1rio: Camila Gerardi Fachin (PR)<br \/>\n1\u00ba Tesoureiro: Humberto Salgado Filho (SP)<br \/>\n2\u00ba Tesoureiro: Jos\u00e9 Carlos Soares de Fraga (RS)<\/p>\n<p>Diretor de Patrim\u00f4nio: Ana Cristina Aoun Tannuri (SP)<br \/>\nDiretor de Publica\u00e7\u00f5es: Lisieux Eyer de Jesus (RJ)<br \/>\nDiretor de Rela\u00e7\u00f5es Internacionais: Vilani Kremer (PR)<\/p>\n<p><em><strong>Per\u00edodo: 2019-2021<\/strong><\/em><\/p>\n<p><strong>Presidente: Maria do Socorro Mendon\u00e7a de Campos (BA)<br \/>\n<\/strong>1\u00ba Vice-Presidente: Sylvio Gilberto Andrade Avilla (PR)<br \/>\n2\u00ba Vice-Presidente: Marcia Emilia Francisco Shida (SP)<br \/>\nSecret\u00e1rio Geral: Antonio Paulo Durante (SP)<br \/>\n1\u00ba Secret\u00e1rio: Mauricia Caetano Cammarota (DF)<br \/>\n2\u00ba Secret\u00e1rio: Jos\u00e9 Carlos Soares de Fraga (RS)<br \/>\n1\u00ba Tesoureiro: Heloisa Galv\u00e3o do Amaral Campos (SP)<br \/>\n2\u00ba Tesoureiro: F\u00e9lix Carlos Ocariz Bazzano (MG)<br \/>\nDiretor de Patrim\u00f4nio: Ana Cristina Aoun Tannuri (SP)<br \/>\nDiretor de Publica\u00e7\u00f5es: Lisieux Eyer de Jesus (RJ)<br \/>\nDiretor de Rela\u00e7\u00f5es Internacionais: Jos\u00e9 Antonio de Souza (SC)<\/p>\n<p><em><strong>Per\u00edodo: 2016 \u2013 2018<\/strong><\/em><\/p>\n<p><strong>Presidente: Jo\u00e3o Vicente Bassols (RS)<br \/>\n<\/strong>1\u00ba Vice-presidente: \u00c1tila Reis Victoria (MG)<br \/>\n2\u00ba Vice-presidente: Jos\u00e9 Roberto de Souza Baratella (SP)<\/p>\n<p>Secret\u00e1rio Geral: Marcia Em\u00edlia Francisco Shida (SP)<br \/>\n1\u00ba Secret\u00e1rio: Mariane Weber Arnold (PE)<br \/>\n2\u00ba Secret\u00e1rio: Maur\u00edcia Caetano Cammarota (DF)<br \/>\n1\u00ba Tesoureiro: Samuel Dekermacher (RJ)<br \/>\n2\u00ba Tesoureiro: Humberto Salgado Filho (SP)<\/p>\n<p>Diretor de Patrim\u00f4nio: Roseli Giudici (SP)<br \/>\nDiretor de Publica\u00e7\u00f5es: Sylvio Gilberto Andrade Avilla (PR)<br \/>\nDiretor de Rela\u00e7\u00f5es Internacionais: Jos\u00e9 Antonio de Souza (SC)<\/p>\n<p class=\"texto\"><em><strong>Per\u00edodo: 2014-2016<\/strong><\/em><\/p>\n<p><b>Presidente: Jos\u00e9 Roberto de Souza Baratella (SP)<\/b><br \/>\n1\u00ba Vice-presidente: Jo\u00e3o Vicente Bassols (RS)<br \/>\n2\u00ba Vice-presidente: Maria do Socorro Mendon\u00e7a de Campos (BA)<\/p>\n<p>Secret\u00e1ro Geral: Roseli Giudici (SP)<br \/>\n1\u00ba Secret\u00e1rio: Marianne Weber Arnold (PE)<br \/>\n2\u00ba Secret\u00e1rio: Jos\u00e9 Antonio de Souza (SC)<br \/>\n1\u00ba Tesoureiro: Humberto Salgado Filho (SP)<br \/>\n2\u00ba Tesoureiro: Samuel Dekermacher (RJ)<\/p>\n<p>Diretor de Patrim\u00f4nio: Alcides Augusto Salzedas Netto (SP)<br \/>\nDiretor de Publica\u00e7\u00f5es: Sylvio Gilberto Andrade Avilla (PR)<br \/>\nDiretor de Rela\u00e7\u00f5es Internacionais: \u00c1tila Reis Victoria (MG)<br \/>\nRespons\u00e1vel pelas Ligas Acad\u00eamicas: Geraldo Magela (SP)<br \/>\nRespons\u00e1vel pela Revis\u00e3o da CBHPM: Marcelo Torrente<\/p>\n<\/div>\n<p class=\"texto\"><em><strong><br \/>\nPer\u00edodo: 2012-2014<\/strong><\/em><\/p>\n<p><b>Presidente: Jos\u00e9 Roberto de Souza Baratella (SP)<\/b><br \/>\n1\u00ba Vice-presidente: Jo\u00e3o Vicente Bassols (RS)<br \/>\n2\u00aa Vice-presidente: Maria do Socorro Mendon\u00e7a de Campos (BA)<\/p>\n<p>Secret\u00e1ria Geral: Roseli Giudici (SP)<br \/>\n1\u00ba Secret\u00e1rio: Maur\u00edcio Jos\u00e9 Lopes Pereima (SC)<br \/>\n2\u00ba Secret\u00e1rio: H\u00e9lio Buson Filho (DF)<br \/>\n1\u00ba Tesoureiro: Humberto Salgado Filho (SP)<br \/>\n2\u00aa Tesoureira: Marianne Weber Arnold (PE)<\/p>\n<p>Diretora de Patrim\u00f4nio: Marcia Emilia Francisco Shida (SP)<br \/>\nDiretor de Publica\u00e7\u00f5es: Antonio Carlos Moreira Amarante (PR)<br \/>\nDiretor de Rela\u00e7\u00f5es Internacionais: \u00c1tila Reis Victoria (MG)<\/p>\n<p class=\"texto\"><strong><br \/>\n<em>Per\u00edodo: 2010-2012<\/em><\/strong><\/p>\n<p><strong>Presidente: Max Carsalad Schlobach (MG)<\/strong><br \/>\n1\u00ba Vice-presidente: Jos\u00e9 Carnevale (SP)<br \/>\n2\u00ba Vice-presidente: Jo\u00e3o Carlos Ketzer de Souza (RS)<\/p>\n<p>Secret\u00e1rio Geral: Alcides Augusto Salzedas Netto (SP)<br \/>\n1\u00ba Secret\u00e1rio: Maur\u00edcio Jos\u00e9 Lopes Pereima (SC)<br \/>\n2\u00ba Secret\u00e1ria: H\u00e9lio Buson Filho (DF)<br \/>\n1\u00ba Tesoureiro: Nelson Elias Mendes Gibelli (SP)<br \/>\n2\u00ba Tesoureira: Marianne Weber Arnold (PE)<\/p>\n<p>Diretor de Patrim\u00f4nio: Marcia Em\u00edlia Francisco Shida (SP)<br \/>\nDiretor de Publica\u00e7\u00f5es: Antonio Carlos Moreira Amarante (PR)<br \/>\nDiretor de Rela\u00e7\u00f5es Internacionais: Kleber Moreira Anderson (RJ)<\/p>\n<p class=\"texto\"><strong><br \/>\n<em>Per\u00edodo: 2008-2010<\/em><\/strong><\/p>\n<p><strong>Presidente: Jos\u00e9 Roberto de Souza Baratella (SP)<\/strong><br \/>\n1\u00ba Vice-presidente: Max Carsalad Schlobach (MG)<br \/>\n2\u00ba Vice-presidente: Elin\u00eas Oliva Maciel (RS)<\/p>\n<p>Secret\u00e1rio Geral: Jos\u00e9 Carnevale (SP)<br \/>\n1\u00ba Secret\u00e1ria: Maria do Socorro Mendon\u00e7a de Campos (BA)<br \/>\n2\u00ba Secret\u00e1rio: Maur\u00edcio Jos\u00e9 Lopes Pereima (SC)<br \/>\n1\u00ba Tesoureiro: Marcelo Iasi (SP)<br \/>\n2\u00ba Tesoureiro: Paulo Carvalho Vilela (PE)<\/p>\n<p>Diretor de Patrim\u00f4nio: Pedro Mu\u00f1oz Fernandez (SP)<br \/>\nDiretor de Publica\u00e7\u00f5es: Sylvio Gilberto Andrade \u00c1villa (PR)<br \/>\nDiretor de Rela\u00e7\u00f5es Internacionais: Kleber Moreira Anderson (RJ)<\/p>\n<p class=\"texto\"><em><strong><br \/>\nPer\u00edodo: 2006 \u2013 2008<\/strong><\/em><\/p>\n<p><strong>Presidente: Jos\u00e9 Roberto de Souza Baratella (SP)<\/strong><br \/>\n1\u00ba Vice-presidente: Max Carsalad Schlobach (MG)<br \/>\n2\u00ba Vice-presidente: Elin\u00eas Oliva Maciel (RS)<\/p>\n<p>Secret\u00e1rio Geral: Jos\u00e9 Carnevale (SP)<br \/>\n1\u00ba Secret\u00e1rio: M\u00e9rcia Maria Braga Rocha (DF)<br \/>\n2\u00ba Secret\u00e1rio: Maria do Socorro Mendon\u00e7a de Campos (BA)<br \/>\n1\u00ba Tesoureiro: Roberto Antonio Mastroti (SP)<br \/>\n2\u00ba Tesoureiro: Paulo Carvalho Vilela (PE)<\/p>\n<p>Diretor de Patrim\u00f4nio: Pedro Mu\u00f1oz Fernandez (SP)<br \/>\nDiretor de Publica\u00e7\u00f5es: Sylvio Gilberto Andrade \u00c1villa (PR)<br \/>\nDiretor de Rela\u00e7\u00f5es Internacionais: Paulo Roberto Mafra Boechat (RJ)<\/p>\n<p class=\"texto\"><em><strong><br \/>\nPer\u00edodo: 2003 \u2013 2006<\/strong><\/em><\/p>\n<p><strong>Presidente: Fl\u00e1vio Linck Pabst (PE)<\/strong><br \/>\n1\u00ba Vice-presidente: Paschoal Napolitano Neto (SP)<br \/>\n2\u00ba Vice-presidente: Jo\u00e3o Vicente Bassols (RS)<\/p>\n<p>Secretario Geral: Jos\u00e9 Luiz Martins (SP)<br \/>\n1\u00ba Secret\u00e1rio: Ad\u00e3o Martinez Faccioni (RJ)<br \/>\n2\u00ba Secret\u00e1rio: Gilvan Bandeira de Morais (PE)<br \/>\n1\u00ba Tesoureiro: Jos\u00e9 Os\u00f3rio de Oliveira Lira (SP)<br \/>\n2\u00ba Tesoureiro: Wilberto Trigueiro (PB)<\/p>\n<p>Diretor Patrim\u00f4nio: Joaquim Bustorff Silva (SP)<br \/>\nDiretor Publica\u00e7\u00f5es: Fernando Costa (PR)<br \/>\nRepresentante CIPESUR: Manoel Carlos Prieto Velhote (SP)<\/p>\n<p class=\"texto\"><strong><br \/>\n<em>Per\u00edodo: 2001 \u2013 2003<\/em><\/strong><\/p>\n<p><strong>Presid\u00eancia: Euclides Reis Quaresma (SC)<\/strong><br \/>\n1\u00ba Vice-presidente: Fl\u00e1vio Linck Pabst (PE)<br \/>\n2\u00ba Vice-presidente: Manoel Carlos Velhote (SP)<\/p>\n<p>Secret\u00e1rio Geral: Paschoal Napolitano Neto (SP)<br \/>\n1\u00ba Secret\u00e1rio: Jo\u00e3o Vicente Bassols (RS)<br \/>\n2\u00ba Secret\u00e1rio: Ad\u00e3o Martinez Faccioni (RJ)<br \/>\n1\u00ba Tesoureiro: Jos\u00e9 Os\u00f3rio de Oliveira Lira (SP)<br \/>\n2\u00ba Tesoureiro: Edvard Jos\u00e9 de Araujo (SC)<\/p>\n<p>Diretor Patrim\u00f4nio: Jos\u00e9 Luiz Martins (SP)<br \/>\nDiretor Publica\u00e7\u00f5es: M\u00e9rcia Rocha (DF)<br \/>\nDiretor CIPESUR: Nuncio Vicente de Chiara (SP)<\/p>\n<p class=\"texto\"><strong><br \/>\n<em>Per\u00edodo: 1999 \u2013 2001<\/em><\/strong><\/p>\n<p><strong>Presid\u00eancia: N\u00fancio Vicente de Chiara (SP)\u00a0<\/strong><br \/>\n1\u00ba Vice-presidente: Euclides Reis Quaresma (SC)<br \/>\n2\u00ba Vice-presidente: Fernando Jos\u00e9 Barbosa da Cruz (PE)<\/p>\n<p>Secret\u00e1rio Geral: Pachoal Napolitano Neto (SP)<br \/>\n1\u00ba Secret\u00e1rio: Max Carsalad Schlobach(MG)<br \/>\n2\u00ba Secret\u00e1rio: Jo\u00e3o Carlos Ketzer de Souza (RS)<br \/>\n1\u00ba Tesoureiro: Jos\u00e9 Os\u00f3rio de Oliveira Lira (SP)<br \/>\n2\u00ba Tesoureiro: Marisa Gon\u00e7alves Leal (ES)<\/p>\n<p>Diretor Patrim\u00f4nio: Adilson Castro (RJ)<br \/>\nDiretor Publica\u00e7\u00f5es: Jos\u00e9 Luiz Martins(SP)<br \/>\nDiretor Inform\u00e1tica: Ricardo Antonio Bertacchi Uvo(SP)<\/p>\n<p class=\"texto\"><strong><br \/>\n<em>Per\u00edodo: 1997 \u2013 1999<\/em><\/strong><\/p>\n<p><strong>Presid\u00eancia: N\u00fancio Vicente de Chiara (SP)\u00a0<\/strong><br \/>\n1\u00ba Vice-presidente: Marisa Gon\u00e7alves Leal (ES)<br \/>\n2\u00ba Vice-presidente: Fernando Jos\u00e9 Barbosa da Cruz (PE)<\/p>\n<p>Secret\u00e1rio Geral: Pachoal Napolitano Neto (SP)<br \/>\n1\u00ba Secret\u00e1rio: Jo\u00e3o Carlos Ketzer de Souza (RS)<br \/>\n2\u00ba Secret\u00e1rio: Max Carsalad Schlobach (MG)<br \/>\n1\u00ba Tesoureiro: Jos\u00e9 Os\u00f3rio de Oliveira Lira (SP)<br \/>\n2\u00ba Tesoureiro: Euclides Reis Quaresma (SC)<\/p>\n<p>Diretor Patrim\u00f4nio: Adilson Castro (RJ)<br \/>\nDiretor Publica\u00e7\u00f5es: Jos\u00e9 Luiz Martins (SP)<br \/>\nDiretor Inform\u00e1tica: Ricardo Antonio Bertacchi Uvo (SP)<\/p>\n<p class=\"texto\"><strong>1996 \u2013 1997<\/strong><\/p>\n<p><strong>Presid\u00eancia: Ubirajara \u00cdndio Carvalho da Motta (RS)<\/strong><br \/>\n1\u00ba Vice-presidente: Nuncio Vicente de Chiara (SP)<br \/>\n2\u00ba Vice-presidente: Manoel Firmato de Almeida (MG)<\/p>\n<p>Secret\u00e1rio Geral: Ricardo Antonio Bertacchi Uvo (SP)<br \/>\n1\u00ba Secret\u00e1rio: Jo\u00e3o Vicente Bassols (RS)<br \/>\n2\u00ba Secret\u00e1rio: Fernando Jos\u00e9 Barbosa da Cruz (PE)<br \/>\n1\u00ba Tesoureiro: Jacques Pinus (SP)<br \/>\n2\u00ba Tesoureiro: Elin\u00eas Oliva Maciel (RS)<\/p>\n<p>Diretor Patrim\u00f4nio: Luiz Carlos Silveira Monteiro (SP)<\/p>\n<p class=\"texto\"><strong>1994 \u2013 1996<\/strong><\/p>\n<p><strong>Presid\u00eancia: Ubirajara \u00cdndio Carvalho da Motta (RS)\u00a0<\/strong><br \/>\n1\u00ba Vice-presidente: Nuncio Vicente de Chiara (SP)<br \/>\n2\u00ba Vice-presidente: Manoel Firmato de Almeida (MG)<\/p>\n<p>Secret\u00e1rio Geral: Ricardo Antonio Bertacchi Uvo (SP)<br \/>\n1\u00ba Secret\u00e1rio: Jo\u00e3o Vicente Bassols (RS)<br \/>\n2\u00ba Secret\u00e1rio: Fernando Jos\u00e9 Barbosa da Cruz (PE)<br \/>\n1\u00ba Tesoureiro: Jacques Pinus (SP)<br \/>\n2\u00ba Tesoureiro: Elin\u00eas Oliva Maciel (RS)<\/p>\n<p>Diretor Patrim\u00f4nio: Luiz Carlos Silveira Monteiro (SP)<br \/>\nRepresentante na CIPESUR: Lucio Tedesco Marchese (PR)<\/p>\n<p class=\"texto\"><strong>1992 \u2013 1994<\/strong><\/p>\n<p><strong>Presid\u00eancia: L\u00facio Tedesco Marchese (PR)\u00a0<\/strong><br \/>\nVice-presidente: Ubirajara Indio Carvalho da Motta (RS)<br \/>\nSecret\u00e1rio Geral: Nuncio Vicente de Chiara (SP)<br \/>\nSecret\u00e1rio Executivo: Fernando Costa (PR)<br \/>\n1\u00ba Tesoureiro: S\u00e9rgio Tomaz Schettini (SP)<br \/>\n2\u00ba Tesoureiro: Ides Miriko Sakassegawa (PR)<\/p>\n<p class=\"texto\"><strong>1990 \u2013 1992<\/strong><\/p>\n<p><strong>Presid\u00eancia: Jos\u00e9 Pinus (SP)\u00a0<\/strong><br \/>\nVice-presidente: L\u00facio Tedesco Marchese (PR)<br \/>\nSecret\u00e1rio Geral: Nuncio Vicente de Chiara (SP)<br \/>\nSecret\u00e1rio Executivo: Fernando Costa (PR)<br \/>\n1\u00ba Tesoureiro: S\u00e9rgio Tomaz Schettini (SP)<br \/>\n2\u00ba Tesoureiro: Edson Khodor Cury (SP)<\/p>\n<p class=\"texto\"><strong>1988 \u2013 1990<\/strong><\/p>\n<p>Presid\u00eancia: Jos\u00e9 Pinus (SP)<br \/>\nVice-presidente: L\u00facio Tedesco Marchese (PR)<br \/>\nSecret\u00e1rio Geral: Nuncio Vicente de Chiara (SP)<br \/>\nSecret\u00e1rio Executivo: Fernando Costa (PR)<br \/>\n1\u00ba Tesoureiro: S\u00e9rgio Tomaz Schettini (SP)<br \/>\n<em id=\"__mceDel\">2\u00ba Tesoureiro: Elin\u00eas Oliva Maciel (RS)<br \/>\nDiretor Patrim\u00f4nio: Luiz Carlos Silveira Monteiro (SP)<\/em><\/p>\n<p class=\"texto\"><strong>1986 \u2013 1988<\/strong><\/p>\n<p><strong>Presid\u00eancia: Enemann da Costa Pimentel (DF)\u00a0<\/strong><br \/>\nVice-presidente: Leonardo Fierro Sevilla (DF)<br \/>\nSecret\u00e1rio Geral: Jos\u00e9 Roberto de Souza Baratella (SP)<br \/>\nSecret\u00e1rio Executivo: Augusto C\u00e9sar Gadelha Abreu (CE)<br \/>\n1\u00ba Tesoureiro: Roberto Antonio Mastroti (SP)<br \/>\n2\u00ba Tesoureiro: Edson Khodor Cury (SP)<\/p>\n<p class=\"texto\"><strong>1984 \u2013 1986<\/strong><\/p>\n<p>Presid\u00eancia: Jos\u00e9 Raimundo Bahia Sapucaia (BA)<br \/>\nVice-presidente: Murilo Ronald Capella (SC)<br \/>\nSecret\u00e1rio Geral: Jos\u00e9 Carnevale (SP)<br \/>\nSecret\u00e1rio Executivo: Raimundo Nonato de Freitas (SP)<br \/>\n1\u00ba Tesoureiro: S\u00e9rgio Tomaz Schettini (SP)<br \/>\n2\u00ba Tesoureiro: Fl\u00e1vio Linck Pabst (PE)<\/p>\n<p class=\"texto\"><strong>1982 \u2013 1984<\/strong><\/p>\n<p><strong>Presid\u00eancia: Luiz Fernando Bittencourt Beltr\u00e3o (PR)\u00a0<\/strong><br \/>\nVice-presidente: L\u00facio Tedesco Marchese (PR)<br \/>\nSecret\u00e1rio Geral: Giovanni Capellano (SP)<br \/>\nSecret\u00e1rio Executivo: C\u00e9sar Cavalli Sabbaga (PR)<br \/>\n1\u00ba Tesoureiro: Pl\u00ednio de Campos Nogueira (SP)<br \/>\n2\u00ba Tesoureiro: Antonio Ernesto da Silveira (PR)<\/p>\n<p class=\"texto\"><strong>1980 \u2013 1982<\/strong><\/p>\n<p><strong>Presid\u00eancia: Murillo Ronald Capella (SC)\u00a0<\/strong><br \/>\nVice-presidente: Peter Goldberg (SC)<br \/>\n1\u00ba Secretario: Manoel Carlos Prieto Velhote (SP)<br \/>\n2\u00ba Secretario: Euclides Quaresma (SC)<br \/>\n1\u00ba Tesoureiro: Giovanni Capellano (SP)<br \/>\n2\u00ba Tesoureiro: Romualdo Izon Heil (SC)<\/p>\n<p class=\"texto\"><strong>1978 \u2013 1980<\/strong><\/p>\n<p><strong>Presid\u00eancia: Miguel John Zumaeta Doherty (PE)\u00a0<\/strong><br \/>\nVice-presidente: Frederico Cavalcanti Pinto da Carvalheira (PE)<br \/>\nSecret\u00e1rio Geral: Roberto Antonio Mastroti (SP)<br \/>\nSecret\u00e1rio Executivo: Carlos Teixeira Brandt (PE)<br \/>\n1\u00ba Tesoureiro: Manoel Carlos Prieto Velhote (SP)<br \/>\n2\u00ba Tesoureiro: Gilberto Hanois Falbo (PE)<\/p>\n<p class=\"texto\"><strong>1976 \u2013 1978<\/strong><\/p>\n<p><strong>Presid\u00eancia: J. J. Menezes Martins (RS)\u00a0<\/strong><br \/>\nVice-presidente: Ubirajara \u00cdndio Carvalho da Motta (RS)<br \/>\nSecret\u00e1rio Geral: Roberto Antonio Mastroti (SP)<br \/>\nSecret\u00e1rio Executivo: Osvaldo Carlos dos Santos (RS)<br \/>\n1\u00ba Tesoureiro: Manoel Carlos Prieto Velhote (SP)<br \/>\n2\u00ba Tesoureiro: Gilberto Hanois Falbo (PE)<\/p>\n<p class=\"texto\"><strong>1974 \u2013 1976<\/strong><\/p>\n<p><strong>Presid\u00eancia: Jos\u00e9 Mariano Duarte Lanna (MG)\u00a0<\/strong><br \/>\nSecret\u00e1rio Geral: Mauro Chrysostomo Fereira (MG)<br \/>\n1\u00ba Tesoureiro: Rubens Sanches (RJ)<\/p>\n<p class=\"texto\"><strong>1972 \u2013 1974<\/strong><\/p>\n<p><strong>Presid\u00eancia: Ruy Bayama Archer da Silva (RJ)\u00a0<\/strong><br \/>\nVice-presidente: Enemmann da Costa Pimentel (DF)<br \/>\nSecret\u00e1rio Geral: Jos\u00e9 Maria Ortig\u00e3o Sampaio (RJ)<br \/>\n1\u00ba Tesoureiro: Rubens Sanches (RJ)<\/p>\n<p class=\"texto\"><strong>1970 \u2013 1972<\/strong><\/p>\n<p><strong>Presid\u00eancia: Roberto de Vilhena Morais (SP)\u00a0<\/strong><br \/>\nVice-presidente: Enemann da Costa Pimentel (DF)<br \/>\nSecret\u00e1rio Geral: Erasmo Magalh\u00e3es de Castro Tolosa (SP)<br \/>\n1\u00ba Tesoureiro: Jos\u00e9 Carlos Fasano (SP)<br \/>\n2\u00ba Tesoureiro: Giovanni Cappellano (SP)<\/p>\n<p class=\"texto\"><strong>1968 \u2013 1970<\/strong><\/p>\n<p><strong>Presid\u00eancia: Octavio de Freitas Vaz (RJ)\u00a0<\/strong><br \/>\n1\u00ba Vice-presidente: F\u00e1bio D\u00f3ria do Amaral (SP)<br \/>\n2\u00ba Vice-presidente: Luiz Fernando Bittencourt Beltr\u00e3o (PR)<br \/>\nSecret\u00e1rio Geral: Fauze Calil Adde (SP)<br \/>\n1\u00ba Secret\u00e1rio: Plinio de Campos Nogueira (SP)<br \/>\n2\u00ba Secret\u00e1rio: Jo\u00e3o Gilberto Maksoud (SP)<br \/>\n1\u00ba Tesoureiro: Jos\u00e9 Pinus (SP)<br \/>\n2\u00ba Tesoureiro: Gustavo Adolpho de Souza Murgel (SP)<\/p>\n<p class=\"texto\"><strong>1966 \u2013 1968<\/strong><\/p>\n<p><strong>Presid\u00eancia: Virgilio Alves de Carvalho Pinto (SP)\u00a0<\/strong><br \/>\n1\u00ba Vice-presidente: Octavio de Freitas Vaz (RJ)<br \/>\n2\u00ba Vice-presidente: Miguel Zumaeta Doherty (PE)<br \/>\nSecret\u00e1rio Geral: Roberto de Vilherna Moraes (SP)<br \/>\n1\u00ba Secret\u00e1rio: Geraldo Modesto de Medeiros (SP)<br \/>\n2\u00ba Secret\u00e1rio: Plinio de Campos Nogueira (SP)<br \/>\n1\u00ba Tesoureiro: Jos\u00e9 Pinus (SP)<br \/>\n2\u00ba Tesoureiro: Fabio Doria do Amaral (SP)<\/p>\n<p class=\"texto\"><strong>1964 \u2013 1966<\/strong><\/p>\n<p><strong>Presidente: Virgilio Alves de Carvalho Pinto (SP)<\/strong><br \/>\n1\u00ba Vice-presidente: Oct\u00e1vio de Freitas Vaz (RJ)<br \/>\n2\u00ba Vice-presidente: Miguel John Zumaeta Doherty (PE)<br \/>\nSecret\u00e1rio Geral: Roberto de Vilhena Moraes (SP)<br \/>\n1\u00ba Secret\u00e1rio: Geraldo Modesto de Medeiros (SP)<br \/>\n2\u00ba Secret\u00e1rio: Pl\u00ednio de Campos Nogueira (SP)<br \/>\n1\u00ba Tesoureiro: Jos\u00e9 Pinus (SP)<br \/>\n2\u00ba Tesoureiro: F\u00e1bio Dora do Amaral (SP)<\/p>\n","protected":false},"excerpt":{"rendered":"<p>Per\u00edodo: 2024-2026 Presidente 1\u00ba. Vice Presidente 2\u00ba. Vice Presidente Secret\u00e1ria Geral 1\u00ba. secret\u00e1rio 2\u00ba. secret\u00e1rio 1\u00ba. tesoureiro 2\u00ba. tesoureiro Diretor de patrim\u00f4nio Diretor de ensino, pesquisas<span class=\"excerpt-hellip\"> [\u2026]<\/span><\/p>\n","protected":false},"author":1,"featured_media":0,"parent":0,"menu_order":0,"comment_status":"closed","ping_status":"closed","template":"","meta":{"footnotes":""},"_links":{"self":[{"href":"https:\/\/cipe.org.br\/novo\/wp-json\/wp\/v2\/pages\/8939"}],"collection":[{"href":"https:\/\/cipe.org.br\/novo\/wp-json\/wp\/v2\/pages"}],"about":[{"href":"https:\/\/cipe.org.br\/novo\/wp-json\/wp\/v2\/types\/page"}],"author":[{"embeddable":true,"href":"https:\/\/cipe.org.br\/novo\/wp-json\/wp\/v2\/users\/1"}],"replies":[{"embeddable":true,"href":"https:\/\/cipe.org.br\/novo\/wp-json\/wp\/v2\/comments?post=8939"}],"version-history":[{"count":14,"href":"https:\/\/cipe.org.br\/novo\/wp-json\/wp\/v2\/pages\/8939\/revisions"}],"predecessor-version":[{"id":21306,"href":"https:\/\/cipe.org.br\/novo\/wp-json\/wp\/v2\/pages\/8939\/revisions\/21306"}],"wp:attachment":[{"href":"https:\/\/cipe.org.br\/novo\/wp-json\/wp\/v2\/media?parent=8939"}],"curies":[{"name":"wp","href":"https:\/\/api.w.org\/{rel}","templated":true}]}}